{"id":182,"date":"2021-02-28T16:45:12","date_gmt":"2021-02-28T15:45:12","guid":{"rendered":"https:\/\/qitao.fr\/?page_id=182"},"modified":"2026-03-29T10:18:27","modified_gmt":"2026-03-29T08:18:27","slug":"conditions-generales-de-vente","status":"publish","type":"page","link":"https:\/\/formations-qitao.fr\/?page_id=182","title":{"rendered":"Conditions G\u00e9n\u00e9rales de Vente"},"content":{"rendered":"\r\n<figure class=\"wp-block-image size-large is-resized\"><img loading=\"lazy\" decoding=\"async\" class=\"wp-image-183\" src=\"https:\/\/qitao.fr\/wp-content\/uploads\/2021\/02\/cgv-1024x1024.jpg\" alt=\"\" width=\"152\" height=\"152\" srcset=\"https:\/\/formations-qitao.fr\/wp-content\/uploads\/2021\/02\/cgv-1024x1024.jpg 1024w, https:\/\/formations-qitao.fr\/wp-content\/uploads\/2021\/02\/cgv-150x150.jpg 150w, https:\/\/formations-qitao.fr\/wp-content\/uploads\/2021\/02\/cgv-300x300.jpg 300w, https:\/\/formations-qitao.fr\/wp-content\/uploads\/2021\/02\/cgv-768x768.jpg 768w, https:\/\/formations-qitao.fr\/wp-content\/uploads\/2021\/02\/cgv-200x200.jpg 200w, https:\/\/formations-qitao.fr\/wp-content\/uploads\/2021\/02\/cgv-280x280.jpg 280w, https:\/\/formations-qitao.fr\/wp-content\/uploads\/2021\/02\/cgv-690x690.jpg 690w, https:\/\/formations-qitao.fr\/wp-content\/uploads\/2021\/02\/cgv.jpg 1200w\" sizes=\"auto, (max-width: 152px) 100vw, 152px\" \/><\/figure>\r\n\r\n\r\n\r\n<p><strong><u>Article 1 : Champs d\u2019application et acceptation des conditions g\u00e9n\u00e9rales de vente<\/u><\/strong><\/p>\r\n\r\n\r\n\r\n<p><strong>1.1 Champs d\u2019application<\/strong><\/p>\r\n\r\n\r\n\r\n<p>Les pr\u00e9sentes conditions g\u00e9n\u00e9rales de vente s\u2019appliquent \u00e0 toutes les formations propos\u00e9es par la soci\u00e9t\u00e9 PS ASSETS MANAGEMENT sise 715 route de Conli\u00e8ge \u00e0 Perrigny (39570), SARL \u00e0 associ\u00e9 unique immatricul\u00e9e au RCS de Lons-le-Saunier SIRET 892 822 192 , 172 00011 , d\u00e9clar\u00e9e en tant qu&rsquo;orgnaisme de formation au pr\u00e8s de la DREETS Bourgogne Franche-Comt\u00e9 sous le ne num\u00e9ro 27390140939, par\u00a0 le biais du Site Internet <a href=\"https:\/\/www.qitao.fr\">https:\/\/www.formations-qitao.fr<\/a><br \/><br \/>ci\u2013apr\u00e8s d\u00e9nomm\u00e9e \u201cl\u2019Ecole\u201d,<br \/><br \/><strong>1.2 Acceptation<\/strong><\/p>\r\n\r\n\r\n\r\n<p>Les pr\u00e9sentes conditions g\u00e9n\u00e9rales de vente sont express\u00e9ment accept\u00e9es par le client (ci\u2013apr\u00e8s d\u00e9nomm\u00e9 \u201cle Stagiaire\u201d) lequel\u00a0:<br \/>*\u00a0\u00a0\u00a0\u00a0\u00a0\u00a0\u00a0\u00a0\u00a0\u00a0\u00a0\u00a0 D\u00e9clare et reconna\u00eet en avoir une parfaite connaissance avant l\u2019inscription et l\u2019achat de toute formation.<br \/>*\u00a0\u00a0\u00a0\u00a0\u00a0\u00a0\u00a0\u00a0\u00a0\u00a0\u00a0\u00a0 Reconnait que l\u2019inscription \u00e0 une\u00a0 formation organis\u00e9e par l\u2019Ecole vaut adh\u00e9sion enti\u00e8re et sans r\u00e9serve aux pr\u00e9sentes conditions g\u00e9n\u00e9rales de vente.<\/p>\r\n\r\n\r\n\r\n<p><strong><u>Article 2 : Conditions d\u2019inscription et d\u2019admission<\/u><\/strong><\/p>\r\n\r\n\r\n\r\n<p><strong>2.1 Condition d\u2019inscription<\/strong><\/p>\r\n\r\n\r\n\r\n<p>Pour toute inscription \u00e0 une formation, le candidat doit compl\u00e9ter un formulaire d\u2019inscription et de le retourner par voie postale \u00e0 l\u2019Ecole accompagn\u00e9 du\/des paiements.<\/p>\r\n\r\n\r\n\r\n<p>La r\u00e9ception du formulaire d\u2019inscription d\u00fbment compl\u00e9t\u00e9 et accompagn\u00e9 du r\u00e8glement des arrhes par ch\u00e8que vaut acte de candidature. L\u2019Ecole reste libre de refuser toute candidature qui ne pr\u00e9senterait pas les pr\u00e9-requis. \u00a0En cas de refus d\u2019un candidat, son dossier lui sera retourn\u00e9 par courrier avec le ch\u00e8que d\u2019arrhes correspondant.<\/p>\r\n\r\n\r\n\r\n<p>L\u2019inscription en tant que Stagiaire est valid\u00e9e par l\u2019envoi d\u2019un mail qui fera office de convocation.<\/p>\r\n\r\n\r\n\r\n<p><strong>2.2 Conditions d\u2019admission<\/strong><\/p>\r\n\r\n\r\n\r\n<p>Tout candidat peut s\u2019inscrire au plus tard dans un d\u00e9lai maximum de 2 semaines pr\u00e9c\u00e9dant le d\u00e9but de la formation, c\u2019est alors qu\u2019il deviendra Stagiaire de l\u2019Ecole.<\/p>\r\n\r\n\r\n\r\n<p>Au travers de son inscription, le Stagiaire atteste avoir pris connaissance\u00a0du R\u00e8glement Int\u00e9rieur de l\u2019Ecole ainsi que des pr\u00e9sentes Conditions G\u00e9n\u00e9rales de Vente et s\u2019engage \u00e0 s\u2019y conformer. Toute attitude contraire pourrait entra\u00eener l\u2019annulation d\u00e9finitive de son inscription.<\/p>\r\n\r\n\r\n\r\n<p><strong><u>Article 3 : Prix \u2013 modification \u2013 candidats hors CEE<\/u><\/strong><\/p>\r\n\r\n\r\n\r\n<p><strong>3.1 Prix<\/strong><\/p>\r\n\r\n\r\n\r\n<p>Le prix de la formation est indiqu\u00e9 en euros (\u20ac) et n\u2019est pas soumis \u00e0 la TVA. Ce prix comprend le support de formation et le kit de d\u00e9marrage mais ne comprend pas les frais de d\u00e9placement, de restauration et d\u2019h\u00e9bergement engag\u00e9s par le Stagiaire pour assister \u00e0 la formation.<\/p>\r\n\r\n\r\n\r\n<p><strong>3.2 Modification du prix<\/strong><\/p>\r\n\r\n\r\n\r\n<p>L\u2019Ecole se r\u00e9serve \u00e0 tout moment le droit de modifier ses prix, et plus g\u00e9n\u00e9ralement ses conditions g\u00e9n\u00e9rales de vente.<\/p>\r\n\r\n\r\n\r\n<p>Cependant, le prix et les conditions applicables restent ceux en vigueur au moment de l\u2019inscription et ne sauraient donner lieu \u00e0 aucune modification apr\u00e8s acceptation.<\/p>\r\n\r\n\r\n\r\n<p><strong>3.3 Candidats non ressortissants de la Communaut\u00e9 Europ\u00e9enne<\/strong><\/p>\r\n\r\n\r\n\r\n<p>Il est de la responsabilit\u00e9 du Stagiaire non r\u00e9sident en France m\u00e9tropolitaine ou non ressortissant de la communaut\u00e9 europ\u00e9enne de v\u00e9rifier la r\u00e8glementation relative \u00e0 son s\u00e9jour dans l\u2019\u00ab espace Schengen \u00bb et plus particuli\u00e8rement \u00a0en France.<br \/><br \/>Il effectuera sous sa seule responsabilit\u00e9 l\u2019ensemble des d\u00e9marches n\u00e9cessaires, et prendra \u00e0 sa charge toutes taxes, droits de douane ou autres frais de visa. L\u2019Ecole transmettra \u00e0 cet effet une confirmation d\u2019inscription en vue de la constitution de la demande de visa.<\/p>\r\n\r\n\r\n\r\n<p><strong><u>Article 4 : Paiement du prix<\/u><\/strong><\/p>\r\n\r\n\r\n\r\n<p>Toute inscription \u00e0 une formation de l\u2019Ecole est accompagn\u00e9e du versement d\u2019arrhes. L\u2019encaissement des arrhes ne peut intervenir avant l\u2019expiration du d\u00e9lai de r\u00e9tractation de 14 jours courant \u00e0 compter de la signature du formulaire d\u2019inscription.<\/p>\r\n\r\n\r\n\r\n<p>Les arrhes sont restitu\u00e9es en cas de refus de candidature par l\u2019Ecole ou de r\u00e9tractation du candidat dans le d\u00e9lai imparti.<\/p>\r\n\r\n\r\n\r\n<p>Le paiement int\u00e9gral de la formation est exigible \u00a0au plus tard le jour du d\u00e9but de la formation. Le r\u00e8glement des arrhes et du solde des formations peut s\u2019effectuer :<\/p>\r\n\r\n\r\n\r\n<ul class=\"wp-block-list\">\r\n<li>par ch\u00e8que bancaire ou postal<\/li>\r\n<li>par carte bancaire<\/li>\r\n<li>par virement bancaire sur le compte de l\u2019Ecole en rappelant les r\u00e9f\u00e9rences de la formation concern\u00e9e.<\/li>\r\n<li>en esp\u00e8ces.<br \/><br \/><\/li>\r\n<\/ul>\r\n\r\n\r\n\r\n<p><strong><u>Article 5 : Responsabilit\u00e9<\/u><\/strong><\/p>\r\n\r\n\r\n\r\n<p>L\u2019Ecole ne saurait \u00eatre tenue responsable des \u00e9ventuels vols ou d\u00e9t\u00e9riorations qui pourraient avoir lieu dans ses locaux, ni des accidents qui pourraient survenir pendant les formations. Chaque Stagiaire doit avoir souscrit une assurance personnelle en responsabilit\u00e9 civile qu\u2019il engage pleinement lors de sa venue en formation.<\/p>\r\n\r\n\r\n\r\n<p>L\u2019Ecole et ses formateurs ne sauraient \u00eatre tenus responsables d\u2019un incident li\u00e9 \u00e0 une pratique pouvant survenir dans ses locaux en dehors des heures de cours ou sur tout autre lieu que celui de la formation. Tout accident corporel devra \u00eatre imm\u00e9diatement signal\u00e9 au responsable de l\u2019Ecole.<\/p>\r\n\r\n\r\n\r\n<p><strong><u>Article 6 : Lieu de Formation<\/u><\/strong><\/p>\r\n\r\n\r\n\r\n<p>La formation est organis\u00e9e par d\u00e9faut \u00e0 Valence, au si\u00e8ge de l\u2019Ecole 120 av Victor Hugo mais le lieu de formation pourrait \u00eatre modifi\u00e9 pour des raisons de confort. La formation peut \u00a0\u00eatre organis\u00e9e sur demande dans toute autre ville en France et\/ou \u00e0 l\u2019\u00e9tranger sous r\u00e9serve d\u2019un nombre minimum de participants.<\/p>\r\n\r\n\r\n\r\n<p><strong><u>Article 7 : R\u00e9serve de propri\u00e9t\u00e9 &#8211; programmes &#8211; supports de cours &#8211; dur\u00e9e \u2013 dates &#8211; lieux<\/u><\/strong><\/p>\r\n\r\n\r\n\r\n<p><strong>7.1 R\u00e9serve de propri\u00e9t\u00e9<\/strong><\/p>\r\n\r\n\r\n\r\n<p>Tous les textes, images, illustrations, publi\u00e9s sur le site internet de l\u2019Ecole sont prot\u00e9g\u00e9s au titre du droit d\u2019auteur et\/ou au titre de la propri\u00e9t\u00e9 intellectuelle.<\/p>\r\n\r\n\r\n\r\n<p>L\u2019acc\u00e8s, par le Stagiaire, au site internet de l\u2019Ecole est strictement r\u00e9serv\u00e9 \u00e0 un usage priv\u00e9, le droit d\u2019utilisation par le Stagiaire \u00e9tant cantonn\u00e9 \u00e0 la lecture des informations figurant sur le site internet et \u00e0 la facult\u00e9 d\u2019\u00e9diter les documents mis \u00e0 disposition. Toute reproduction totale ou partielle du Site internet est strictement interdite.<\/p>\r\n\r\n\r\n\r\n<p><strong>7.2 Supports de cours<\/strong><\/p>\r\n\r\n\r\n\r\n<p>Tout support de cours ou documents utiles transmis au Stagiaire dans le cadre de la formation reste la propri\u00e9t\u00e9 de l\u2019Ecole. Le Stagiaire s\u2019engage \u00e0 ne jamais les transmettre, diffuser ou publier.<\/p>\r\n\r\n\r\n\r\n<p><strong>7.3 Programmes<\/strong><\/p>\r\n\r\n\r\n\r\n<p>Le Stagiaire reconna\u00eet avoir \u00e9t\u00e9 inform\u00e9 du programme de formation par l\u2019Ecole en amont de son inscription.<\/p>\r\n\r\n\r\n\r\n<p><strong>7.4 Contr\u00f4le des connaissances et sanction de la formation<\/strong><\/p>\r\n\r\n\r\n\r\n<p>L\u2019appr\u00e9ciation des r\u00e9sultats se fera \u00e0 travers la mise en \u0153uvre d\u2019une proc\u00e9dure d\u2019\u00e9valuation permettant de d\u00e9terminer si le Stagiaire a acquis les connaissances ou les gestes professionnels dont la ma\u00eetrise constitue l\u2019objectif initial de la formation, par exemple : Grille d\u2019auto-\u00e9valuation, QCM, capacit\u00e9 \u00e0 conduire un traitement etc.<\/p>\r\n\r\n\r\n\r\n<p><strong>7.5. Dur\u00e9e, dates, lieux et horaires de la formation<\/strong><\/p>\r\n\r\n\r\n\r\n<p>La dur\u00e9e des formations est d\u00e9finie dans le formulaire d\u2019inscription. Les dates sont fournies et d\u00e9cid\u00e9es par l\u2019Ecole et sont susceptibles d\u2019\u00eates adapt\u00e9es pour permettre une organisation optimum des cours.<\/p>\r\n\r\n\r\n\r\n<p>Les horaires de formation sont donn\u00e9s \u00e0 titre indicatif et sont susceptibles de varier en raison du programme de formation, de conditions m\u00e9t\u00e9orologiques particuli\u00e8res et plus g\u00e9n\u00e9ralement de tout autre al\u00e9a pouvant survenir.<\/p>\r\n\r\n\r\n\r\n<p>Les horaires et adresses des cours sont pr\u00e9cis\u00e9s dans les convocations, mais peuvent \u00eatre soumis \u00e0 des modifications n\u00e9cessaires \u00e0 une organisation optimum des cours.<\/p>\r\n\r\n\r\n\r\n<p><strong><u>Article \u00a0: R\u00e9tractation &#8211; cessation anticip\u00e9e &#8211; absence &#8211; retard<\/u><\/strong><\/p>\r\n\r\n\r\n\r\n<p><strong>9.1 R\u00e9tractation<\/strong><\/p>\r\n\r\n\r\n\r\n<p>L\u2019annulation d\u2019une formation par le Stagiaire, en application de l\u2019article L.121-16 du Code de la Consommation, est autoris\u00e9e dans un d\u00e9lai de 14 jours \u00e0 compter de la date de la signature du formulaire d\u2019inscription par le Stagiaire. Le \u00a0formulaire de r\u00e9traction, int\u00e9gr\u00e9 au bulletin d\u2019inscription doit \u00eatre transmis par le Stagiaire \u00e0 l\u2019Ecole, par lettre recommand\u00e9e avec avis de r\u00e9ception.<\/p>\r\n\r\n\r\n\r\n<p>Le candidat n\u2019est pas tenu de motiver sa d\u00e9cision et les arrhes vers\u00e9es lui seront int\u00e9gralement restitu\u00e9es.<\/p>\r\n\r\n\r\n\r\n<p><strong>9.2 Cessation anticip\u00e9e \u00e0 l\u2019initiative du Stagiaire en cas de force majeure<\/strong><\/p>\r\n\r\n\r\n\r\n<p>En application de l\u2019article L.6353-7 du code du travail, si, par suite de force majeure d\u00fbment reconnue, le Stagiaire est emp\u00each\u00e9 de suivre la formation, il peut rompre le contrat. Dans ce cas, seules les prestations effectivement dispens\u00e9es par l\u2019Ecole seront pay\u00e9es par le Stagiaire \u00e0 due proportion de la valeur totale pr\u00e9vue au contrat.<\/p>\r\n\r\n\r\n\r\n<p>La force majeure est d\u00e9finie par la jurisprudence comme un \u00e9l\u00e9ment impr\u00e9visible, insurmontable et \u00e9tranger \u00e0 la personne qui n\u2019ex\u00e9cute pas ses obligations. Le conseil d\u2019administration de l\u2019Ecole appr\u00e9ciera la validit\u00e9 du cas de force majeure au vu des justificatifs transmis par le Stagiaire. Si le cas de force majeure n\u2019est pas reconnu, il convient de se reporter aux dispositions de l\u2019article 9.3.<\/p>\r\n\r\n\r\n\r\n<p><strong>9.3 Cessation anticip\u00e9e \u00e0 l\u2019initiative du Stagiaire<\/strong><\/p>\r\n\r\n\r\n\r\n<p>En cas de cessation anticip\u00e9e de la formation, du fait du Stagiaire, apr\u00e8s le d\u00e9but de la session, le pr\u00e9sent contrat est r\u00e9sili\u00e9 et donne lieu au paiement int\u00e9gral de la formation.<\/p>\r\n\r\n\r\n\r\n<p><strong>9.4 Cessation anticip\u00e9e \u00e0 l\u2019initiative de l\u2019Ecole<\/strong><\/p>\r\n\r\n\r\n\r\n<p>En cas de cessation anticip\u00e9e de la formation du fait de l\u2019Ecole, seules les prestations effectivement dispens\u00e9es seront pay\u00e9es par le Stagiaire \u00e0 due proportion, le reliquat \u00e9ventuel correspondant \u00e0 des actions de formations non dispens\u00e9es sera rembours\u00e9 int\u00e9gralement sans retenue.<\/p>\r\n\r\n\r\n\r\n<p><strong>9.5 Absence \/ retard<\/strong><\/p>\r\n\r\n\r\n\r\n<p>Le Stagiaire s\u2019engage \u00e0 :<\/p>\r\n\r\n\r\n\r\n<ul class=\"wp-block-list\">\r\n<li>\u00a0\u00catre pr\u00e9sent aux dates, lieux et heures pr\u00e9vus par le calendrier de formation fourni par l\u2019Ecole<\/li>\r\n<li>\u00a0En cas d\u2019absence non justifi\u00e9e du Stagiaire (lors du premier s\u00e9minaire ou en cours de formation), ce dernier s\u2019expose \u00e0 ce que son absence soit consid\u00e9r\u00e9e comme une cessation anticip\u00e9e \u00e0 son initiative telle que d\u00e9crite \u00e0 l\u2019article 9.3<\/li>\r\n<\/ul>\r\n\r\n\r\n\r\n<p>L\u2019absence du Stagiaire \u00e0 une formation n\u2019ouvre droit \u00e0 aucun remboursement. En cas d\u2019absence, l\u2019Ecole pourra cependant fournir les supports de cours.<\/p>\r\n\r\n\r\n\r\n<p><strong><u>Article 10 : Annulation<\/u><\/strong><\/p>\r\n\r\n\r\n\r\n<p>L\u2019Ecole se r\u00e9serve le droit d\u2019annuler une formation en cas de force majeure. Dans ce cas, l\u2019Ecole s\u2019engage \u00e0 proposer au Stagiaire d\u2019autres dates de formation ou \u00e0 rembourser int\u00e9gralement les sommes vers\u00e9es.<\/p>\r\n\r\n\r\n\r\n<p>L\u2019Ecole ne pourra en aucun cas \u00eatre tenue responsable des frais de d\u00e9placement ou d\u2019h\u00e9bergement engag\u00e9s par le Stagiaire du fait de l\u2019annulation, aucun d\u00e9dommagement ni compensation ne pourront \u00eatre exig\u00e9s \u00e0 ce titre.<\/p>\r\n\r\n\r\n\r\n<p><strong><u>Article 11 : Droit \u00e0 l\u2019image<\/u><\/strong><\/p>\r\n\r\n\r\n\r\n<p>Les Stagiaires autorisent l\u2019Ecole \u00e0 utiliser \u00e0 titre gracieux leur image (photo ou vid\u00e9o) dans le cadre de sa communication, sur tout support et pour une dur\u00e9e de 10 ans. Toute interdiction expresse devra \u00eatre mentionn\u00e9e par \u00e9crit \u00a0par le Stagiaire \u00e0 l\u2019Ecole.<\/p>\r\n\r\n\r\n\r\n<p>Les enregistrements vid\u00e9o des cours par le Stagiaire sont strictement interdits. Les enregistrements audio, quant \u00e0 eux, sont autoris\u00e9s.<\/p>\r\n\r\n\r\n\r\n<p><strong><u>Article 12 : Protection des donn\u00e9es personnelles<\/u><\/strong><\/p>\r\n\r\n\r\n\r\n<p><strong>12.1 Donn\u00e9es personnelles<\/strong><\/p>\r\n\r\n\r\n\r\n<p>Les donn\u00e9es personnelles communiqu\u00e9es \u00e0 l\u2019Ecole par le Stagiaire \u00e0 l\u2019occasion de l\u2019inscription font l\u2019objet d\u2019une protection en application de la Loi informatique et libert\u00e9 du 6 janvier 1978. Le Stagiaire dispose \u00e0 tout moment d\u2019un droit de rectification ou d\u2019opposition des donn\u00e9es le concernant.<\/p>\r\n\r\n\r\n\r\n<p>L\u2019Ecole s\u2019engage \u00e0 respecter la vie priv\u00e9e et \u00e0 ne c\u00e9der sous quelque forme que ce soit les donn\u00e9es personnelles du Stagiaire \u00e0 un tiers et \u00e0 ne faire, directement ou par l\u2019interm\u00e9diaire d\u2019un tiers agissant pour son compte, aucune prospection commerciale t\u00e9l\u00e9phonique \u00e0 partir de son fichier Stagiaire.<\/p>\r\n\r\n\r\n\r\n<p>L\u2019\u00e9cole, soucieuse des donn\u00e9es \u00e0 caract\u00e8re personnel du Client, s\u2019engage \u00e0 assurer la conformit\u00e9 des traitements op\u00e9r\u00e9s en sa qualit\u00e9 de responsable de traitement, conform\u00e9ment aux dispositions du R\u00e8glement 2016\/679 du Parlement europ\u00e9en et du Conseil en date du 27 avril 2016 (le \u00ab RGPD \u00bb). Pour ce faire, l\u2019Ecole utilise une solution conforme au RGPD et a mis en place une politique de confidentialit\u00e9 stricte afin de garantir un niveau de protection optimal des donn\u00e9es collect\u00e9es du Stagiaire.<\/p>\r\n\r\n\r\n\r\n<p><strong><u>Article 13 : Droit applicable \u2013 litiges \u2013 r\u00e9clamations \u2013 m\u00e9diation<\/u><\/strong><\/p>\r\n\r\n\r\n\r\n<p><strong>13.1 Droit applicable<\/strong><\/p>\r\n\r\n\r\n\r\n<p>Toutes les clauses figurant dans les pr\u00e9sentes conditions g\u00e9n\u00e9rales de vente sont soumises au droit fran\u00e7ais.<\/p>\r\n\r\n\r\n\r\n<p><strong>13.2 Contestation \u2013 r\u00e9clamation<\/strong><\/p>\r\n\r\n\r\n\r\n<p>Si une contestation ou un diff\u00e9rend viendrait \u00e0 na\u00eetre, \u00e0 l\u2019occasion de l\u2019ex\u00e9cution de la formation, la partie insatisfaite adressera \u00e0 l\u2019autre partie un courrier recommand\u00e9 avec accus\u00e9 de r\u00e9ception d\u00e9crivant les difficult\u00e9s rencontr\u00e9es.<\/p>\r\n\r\n\r\n\r\n<p>A compter de la r\u00e9ception de ce courrier, la partie adverse aura un d\u00e9lai de 15 jours pour r\u00e9pondre par tout moyen \u00e0 sa convenance, en privil\u00e9giant la recherche d\u2019une solution amiable.<\/p>\r\n\r\n\r\n\r\n<p>En l\u2019absence de r\u00e9ponse ou en cas de d\u00e9saccord persistant, chaque partie pourra saisir le juge comp\u00e9tent. Le tribunal comp\u00e9tent pour tout litige relatif \u00e0 ce contrat est le Tribunal d\u2019Instance de Valence et la loi applicable est la loi fran\u00e7aise.<\/p>\r\n","protected":false},"excerpt":{"rendered":"<p>Article 1 : Champs d\u2019application et acceptation des conditions g\u00e9n\u00e9rales de vente 1.1 Champs d\u2019application Les pr\u00e9sentes conditions g\u00e9n\u00e9rales de vente s\u2019appliquent \u00e0 toutes les formations propos\u00e9es par la soci\u00e9t\u00e9 PS ASSETS MANAGEMENT sise 715 route de Conli\u00e8ge \u00e0 Perrigny (39570), SARL \u00e0 associ\u00e9 unique immatricul\u00e9e au RCS de Lons-le-Saunier SIRET 892 822 192 , [&hellip;]<\/p>\n","protected":false},"author":1,"featured_media":0,"parent":0,"menu_order":0,"comment_status":"closed","ping_status":"closed","template":"","meta":{"footnotes":""},"class_list":["post-182","page","type-page","status-publish","hentry","post"],"yoast_head":"<!-- This site is optimized with the Yoast SEO plugin v27.4 - https:\/\/yoast.com\/product\/yoast-seo-wordpress\/ -->\n<title>Conditions G\u00e9n\u00e9rales de Vente - Qi Tao<\/title>\n<meta name=\"robots\" content=\"index, follow, max-snippet:-1, max-image-preview:large, max-video-preview:-1\" \/>\n<link rel=\"canonical\" href=\"https:\/\/formations-qitao.fr\/?page_id=182\" \/>\n<meta property=\"og:locale\" content=\"fr_FR\" \/>\n<meta property=\"og:type\" content=\"article\" \/>\n<meta property=\"og:title\" content=\"Conditions G\u00e9n\u00e9rales de Vente - Qi Tao\" \/>\n<meta property=\"og:description\" content=\"Article 1 : Champs d\u2019application et acceptation des conditions g\u00e9n\u00e9rales de vente 1.1 Champs d\u2019application Les pr\u00e9sentes conditions g\u00e9n\u00e9rales de vente s\u2019appliquent \u00e0 toutes les formations propos\u00e9es par la soci\u00e9t\u00e9 PS ASSETS MANAGEMENT sise 715 route de Conli\u00e8ge \u00e0 Perrigny (39570), SARL \u00e0 associ\u00e9 unique immatricul\u00e9e au RCS de Lons-le-Saunier SIRET 892 822 192 , [&hellip;]\" \/>\n<meta property=\"og:url\" content=\"https:\/\/formations-qitao.fr\/?page_id=182\" \/>\n<meta property=\"og:site_name\" content=\"Qi Tao\" \/>\n<meta property=\"article:modified_time\" content=\"2026-03-29T08:18:27+00:00\" \/>\n<meta property=\"og:image\" content=\"https:\/\/formations-qitao.fr\/wp-content\/uploads\/2021\/02\/cgv.jpg\" \/>\n\t<meta property=\"og:image:width\" content=\"1200\" \/>\n\t<meta property=\"og:image:height\" content=\"1200\" \/>\n\t<meta property=\"og:image:type\" content=\"image\/jpeg\" \/>\n<meta name=\"twitter:card\" content=\"summary_large_image\" \/>\n<meta name=\"twitter:label1\" content=\"Dur\u00e9e de lecture estim\u00e9e\" \/>\n\t<meta name=\"twitter:data1\" content=\"11 minutes\" \/>\n<script type=\"application\/ld+json\" class=\"yoast-schema-graph\">{\"@context\":\"https:\\\/\\\/schema.org\",\"@graph\":[{\"@type\":\"WebPage\",\"@id\":\"https:\\\/\\\/formations-qitao.fr\\\/?page_id=182\",\"url\":\"https:\\\/\\\/formations-qitao.fr\\\/?page_id=182\",\"name\":\"Conditions G\u00e9n\u00e9rales de Vente - Qi Tao\",\"isPartOf\":{\"@id\":\"https:\\\/\\\/formations-qitao.fr\\\/#website\"},\"primaryImageOfPage\":{\"@id\":\"https:\\\/\\\/formations-qitao.fr\\\/?page_id=182#primaryimage\"},\"image\":{\"@id\":\"https:\\\/\\\/formations-qitao.fr\\\/?page_id=182#primaryimage\"},\"thumbnailUrl\":\"https:\\\/\\\/qitao.fr\\\/wp-content\\\/uploads\\\/2021\\\/02\\\/cgv-1024x1024.jpg\",\"datePublished\":\"2021-02-28T15:45:12+00:00\",\"dateModified\":\"2026-03-29T08:18:27+00:00\",\"breadcrumb\":{\"@id\":\"https:\\\/\\\/formations-qitao.fr\\\/?page_id=182#breadcrumb\"},\"inLanguage\":\"fr-FR\",\"potentialAction\":[{\"@type\":\"ReadAction\",\"target\":[\"https:\\\/\\\/formations-qitao.fr\\\/?page_id=182\"]}]},{\"@type\":\"ImageObject\",\"inLanguage\":\"fr-FR\",\"@id\":\"https:\\\/\\\/formations-qitao.fr\\\/?page_id=182#primaryimage\",\"url\":\"https:\\\/\\\/qitao.fr\\\/wp-content\\\/uploads\\\/2021\\\/02\\\/cgv-1024x1024.jpg\",\"contentUrl\":\"https:\\\/\\\/qitao.fr\\\/wp-content\\\/uploads\\\/2021\\\/02\\\/cgv-1024x1024.jpg\"},{\"@type\":\"BreadcrumbList\",\"@id\":\"https:\\\/\\\/formations-qitao.fr\\\/?page_id=182#breadcrumb\",\"itemListElement\":[{\"@type\":\"ListItem\",\"position\":1,\"name\":\"Accueil\",\"item\":\"https:\\\/\\\/formations-qitao.fr\\\/\"},{\"@type\":\"ListItem\",\"position\":2,\"name\":\"Conditions G\u00e9n\u00e9rales de Vente\"}]},{\"@type\":\"WebSite\",\"@id\":\"https:\\\/\\\/formations-qitao.fr\\\/#website\",\"url\":\"https:\\\/\\\/formations-qitao.fr\\\/\",\"name\":\"Qi Tao\",\"description\":\"La voie de l&#039;\u00e9quilibre\",\"publisher\":{\"@id\":\"https:\\\/\\\/formations-qitao.fr\\\/#organization\"},\"potentialAction\":[{\"@type\":\"SearchAction\",\"target\":{\"@type\":\"EntryPoint\",\"urlTemplate\":\"https:\\\/\\\/formations-qitao.fr\\\/?s={search_term_string}\"},\"query-input\":{\"@type\":\"PropertyValueSpecification\",\"valueRequired\":true,\"valueName\":\"search_term_string\"}}],\"inLanguage\":\"fr-FR\"},{\"@type\":\"Organization\",\"@id\":\"https:\\\/\\\/formations-qitao.fr\\\/#organization\",\"name\":\"Qi Tao\",\"url\":\"https:\\\/\\\/formations-qitao.fr\\\/\",\"logo\":{\"@type\":\"ImageObject\",\"inLanguage\":\"fr-FR\",\"@id\":\"https:\\\/\\\/formations-qitao.fr\\\/#\\\/schema\\\/logo\\\/image\\\/\",\"url\":\"https:\\\/\\\/formations-qitao.fr\\\/wp-content\\\/uploads\\\/2021\\\/02\\\/cropped-cropped-logo_qitao_2-1.jpg\",\"contentUrl\":\"https:\\\/\\\/formations-qitao.fr\\\/wp-content\\\/uploads\\\/2021\\\/02\\\/cropped-cropped-logo_qitao_2-1.jpg\",\"width\":200,\"height\":80,\"caption\":\"Qi Tao\"},\"image\":{\"@id\":\"https:\\\/\\\/formations-qitao.fr\\\/#\\\/schema\\\/logo\\\/image\\\/\"}}]}<\/script>\n<!-- \/ Yoast SEO plugin. -->","yoast_head_json":{"title":"Conditions G\u00e9n\u00e9rales de Vente - Qi Tao","robots":{"index":"index","follow":"follow","max-snippet":"max-snippet:-1","max-image-preview":"max-image-preview:large","max-video-preview":"max-video-preview:-1"},"canonical":"https:\/\/formations-qitao.fr\/?page_id=182","og_locale":"fr_FR","og_type":"article","og_title":"Conditions G\u00e9n\u00e9rales de Vente - Qi Tao","og_description":"Article 1 : Champs d\u2019application et acceptation des conditions g\u00e9n\u00e9rales de vente 1.1 Champs d\u2019application Les pr\u00e9sentes conditions g\u00e9n\u00e9rales de vente s\u2019appliquent \u00e0 toutes les formations propos\u00e9es par la soci\u00e9t\u00e9 PS ASSETS MANAGEMENT sise 715 route de Conli\u00e8ge \u00e0 Perrigny (39570), SARL \u00e0 associ\u00e9 unique immatricul\u00e9e au RCS de Lons-le-Saunier SIRET 892 822 192 , [&hellip;]","og_url":"https:\/\/formations-qitao.fr\/?page_id=182","og_site_name":"Qi Tao","article_modified_time":"2026-03-29T08:18:27+00:00","og_image":[{"width":1200,"height":1200,"url":"https:\/\/formations-qitao.fr\/wp-content\/uploads\/2021\/02\/cgv.jpg","type":"image\/jpeg"}],"twitter_card":"summary_large_image","twitter_misc":{"Dur\u00e9e de lecture estim\u00e9e":"11 minutes"},"schema":{"@context":"https:\/\/schema.org","@graph":[{"@type":"WebPage","@id":"https:\/\/formations-qitao.fr\/?page_id=182","url":"https:\/\/formations-qitao.fr\/?page_id=182","name":"Conditions G\u00e9n\u00e9rales de Vente - Qi Tao","isPartOf":{"@id":"https:\/\/formations-qitao.fr\/#website"},"primaryImageOfPage":{"@id":"https:\/\/formations-qitao.fr\/?page_id=182#primaryimage"},"image":{"@id":"https:\/\/formations-qitao.fr\/?page_id=182#primaryimage"},"thumbnailUrl":"https:\/\/qitao.fr\/wp-content\/uploads\/2021\/02\/cgv-1024x1024.jpg","datePublished":"2021-02-28T15:45:12+00:00","dateModified":"2026-03-29T08:18:27+00:00","breadcrumb":{"@id":"https:\/\/formations-qitao.fr\/?page_id=182#breadcrumb"},"inLanguage":"fr-FR","potentialAction":[{"@type":"ReadAction","target":["https:\/\/formations-qitao.fr\/?page_id=182"]}]},{"@type":"ImageObject","inLanguage":"fr-FR","@id":"https:\/\/formations-qitao.fr\/?page_id=182#primaryimage","url":"https:\/\/qitao.fr\/wp-content\/uploads\/2021\/02\/cgv-1024x1024.jpg","contentUrl":"https:\/\/qitao.fr\/wp-content\/uploads\/2021\/02\/cgv-1024x1024.jpg"},{"@type":"BreadcrumbList","@id":"https:\/\/formations-qitao.fr\/?page_id=182#breadcrumb","itemListElement":[{"@type":"ListItem","position":1,"name":"Accueil","item":"https:\/\/formations-qitao.fr\/"},{"@type":"ListItem","position":2,"name":"Conditions G\u00e9n\u00e9rales de Vente"}]},{"@type":"WebSite","@id":"https:\/\/formations-qitao.fr\/#website","url":"https:\/\/formations-qitao.fr\/","name":"Qi Tao","description":"La voie de l&#039;\u00e9quilibre","publisher":{"@id":"https:\/\/formations-qitao.fr\/#organization"},"potentialAction":[{"@type":"SearchAction","target":{"@type":"EntryPoint","urlTemplate":"https:\/\/formations-qitao.fr\/?s={search_term_string}"},"query-input":{"@type":"PropertyValueSpecification","valueRequired":true,"valueName":"search_term_string"}}],"inLanguage":"fr-FR"},{"@type":"Organization","@id":"https:\/\/formations-qitao.fr\/#organization","name":"Qi Tao","url":"https:\/\/formations-qitao.fr\/","logo":{"@type":"ImageObject","inLanguage":"fr-FR","@id":"https:\/\/formations-qitao.fr\/#\/schema\/logo\/image\/","url":"https:\/\/formations-qitao.fr\/wp-content\/uploads\/2021\/02\/cropped-cropped-logo_qitao_2-1.jpg","contentUrl":"https:\/\/formations-qitao.fr\/wp-content\/uploads\/2021\/02\/cropped-cropped-logo_qitao_2-1.jpg","width":200,"height":80,"caption":"Qi Tao"},"image":{"@id":"https:\/\/formations-qitao.fr\/#\/schema\/logo\/image\/"}}]}},"_links":{"self":[{"href":"https:\/\/formations-qitao.fr\/index.php?rest_route=\/wp\/v2\/pages\/182","targetHints":{"allow":["GET"]}}],"collection":[{"href":"https:\/\/formations-qitao.fr\/index.php?rest_route=\/wp\/v2\/pages"}],"about":[{"href":"https:\/\/formations-qitao.fr\/index.php?rest_route=\/wp\/v2\/types\/page"}],"author":[{"embeddable":true,"href":"https:\/\/formations-qitao.fr\/index.php?rest_route=\/wp\/v2\/users\/1"}],"replies":[{"embeddable":true,"href":"https:\/\/formations-qitao.fr\/index.php?rest_route=%2Fwp%2Fv2%2Fcomments&post=182"}],"version-history":[{"count":5,"href":"https:\/\/formations-qitao.fr\/index.php?rest_route=\/wp\/v2\/pages\/182\/revisions"}],"predecessor-version":[{"id":1263,"href":"https:\/\/formations-qitao.fr\/index.php?rest_route=\/wp\/v2\/pages\/182\/revisions\/1263"}],"wp:attachment":[{"href":"https:\/\/formations-qitao.fr\/index.php?rest_route=%2Fwp%2Fv2%2Fmedia&parent=182"}],"curies":[{"name":"wp","href":"https:\/\/api.w.org\/{rel}","templated":true}]}}